{"id":2956,"date":"2020-01-10T04:28:09","date_gmt":"2020-01-09T19:28:09","guid":{"rendered":"http:\/\/www.anamaclaren.com\/?post_type=product&#038;p=2956"},"modified":"2025-09-04T23:51:47","modified_gmt":"2025-09-04T14:51:47","slug":"barba-de-jesus","status":"publish","type":"product","link":"https:\/\/www.anamaclaren.com\/?product=barba-de-jesus","title":{"rendered":"Barba de Jesus"},"content":{"rendered":"<p><img decoding=\"async\" loading=\"lazy\" class=\"alignnone size-medium wp-image-3735\" src=\"https:\/\/i0.wp.com\/www.anamaclaren.com\/wp-content\/uploads\/2020\/01\/Jesus-Paixao-2022.png?resize=300%2C254&#038;ssl=1\" alt=\"\" width=\"300\" height=\"254\" srcset=\"https:\/\/i0.wp.com\/www.anamaclaren.com\/wp-content\/uploads\/2020\/01\/Jesus-Paixao-2022.png?resize=300%2C254&amp;ssl=1 300w, https:\/\/i0.wp.com\/www.anamaclaren.com\/wp-content\/uploads\/2020\/01\/Jesus-Paixao-2022.png?resize=600%2C509&amp;ssl=1 600w, https:\/\/i0.wp.com\/www.anamaclaren.com\/wp-content\/uploads\/2020\/01\/Jesus-Paixao-2022.png?w=630&amp;ssl=1 630w\" sizes=\"(max-width: 300px) 100vw, 300px\" data-recalc-dims=\"1\" \/><span style=\"vertical-align: inherit;\"><span style=\"vertical-align: inherit;\">Ator Gabriel Braga Nunes, &#8220;Paix\u00e3o de Cristo Nova Jerusal\u00e9m&#8221; `Dez. <\/span><span style=\"vertical-align: inherit;\">2021<\/span><\/span><\/p>\n<p><span style=\"vertical-align: inherit;\"><span style=\"vertical-align: inherit;\">Foto de @felipemaior<\/span><\/span><\/p>\n<p><span class=\"embed-youtube\" style=\"text-align:center; display: block;\"><iframe loading=\"lazy\" class=\"youtube-player\" width=\"640\" height=\"360\" src=\"https:\/\/www.youtube.com\/embed\/C96aJbOuq7k?version=3&#038;rel=1&#038;showsearch=0&#038;showinfo=1&#038;iv_load_policy=1&#038;fs=1&#038;hl=en-US&#038;autohide=2&#038;start=1264&#038;wmode=transparent\" allowfullscreen=\"true\" style=\"border:0;\" sandbox=\"allow-scripts allow-same-origin allow-popups allow-presentation\"><\/iframe><\/span><\/p>\n","protected":false},"excerpt":{"rendered":"<p><span style=\"vertical-align: inherit;\"><span style=\"vertical-align: inherit;\">Barba e bigode trabalhados em tr\u00eas cores. <\/span><span style=\"vertical-align: inherit;\">Confec\u00e7\u00e3o em 5 dias a partir da chegada do molde (orientamos do come\u00e7o ao fim da confec\u00e7\u00e3o, aplica\u00e7\u00e3o e manuten\u00e7\u00e3o).<\/span><\/span><\/p>\n","protected":false},"featured_media":2957,"comment_status":"open","ping_status":"closed","template":"","meta":{"jetpack_post_was_ever_published":false,"jetpack_publicize_message":"","jetpack_is_tweetstorm":false,"jetpack_publicize_feature_enabled":true,"jetpack_social_post_already_shared":true,"jetpack_social_options":{"image_generator_settings":{"template":"highway","enabled":false}}},"product_cat":[177],"product_tag":[282,312,270,313],"jetpack_publicize_connections":[],"jetpack_sharing_enabled":true,"_links":{"self":[{"href":"https:\/\/www.anamaclaren.com\/index.php?rest_route=\/wp\/v2\/product\/2956"}],"collection":[{"href":"https:\/\/www.anamaclaren.com\/index.php?rest_route=\/wp\/v2\/product"}],"about":[{"href":"https:\/\/www.anamaclaren.com\/index.php?rest_route=\/wp\/v2\/types\/product"}],"replies":[{"embeddable":true,"href":"https:\/\/www.anamaclaren.com\/index.php?rest_route=%2Fwp%2Fv2%2Fcomments&post=2956"}],"wp:featuredmedia":[{"embeddable":true,"href":"https:\/\/www.anamaclaren.com\/index.php?rest_route=\/wp\/v2\/media\/2957"}],"wp:attachment":[{"href":"https:\/\/www.anamaclaren.com\/index.php?rest_route=%2Fwp%2Fv2%2Fmedia&parent=2956"}],"wp:term":[{"taxonomy":"product_cat","embeddable":true,"href":"https:\/\/www.anamaclaren.com\/index.php?rest_route=%2Fwp%2Fv2%2Fproduct_cat&post=2956"},{"taxonomy":"product_tag","embeddable":true,"href":"https:\/\/www.anamaclaren.com\/index.php?rest_route=%2Fwp%2Fv2%2Fproduct_tag&post=2956"}],"curies":[{"name":"wp","href":"https:\/\/api.w.org\/{rel}","templated":true}]}}